{"id":631,"date":"2024-10-10T08:09:27","date_gmt":"2024-10-10T08:09:27","guid":{"rendered":"https:\/\/die-schulhelfer.de\/?page_id=631"},"modified":"2026-02-23T13:35:57","modified_gmt":"2026-02-23T13:35:57","slug":"home","status":"publish","type":"page","link":"https:\/\/die-schulhelfer.de\/hr\/","title":{"rendered":"Po\u010detna"},"content":{"rendered":"<p><\/p>\n\n\n\n<section class=\"section-c09cc55 cc-sct\">\n<div class=\"container-c9d7dc8 cc-cntr\">\n<div class=\"columns-c950211\">\n<div class=\"column-c8f5ca7 cc-clmn\">\n<h1 class=\"heading-ccc504e bg-span\">Va\u0161 pouzdani pru\u017eatelj usluga za dobrobit djece i mladih <\/h1>\n\n\n\n<h2 class=\"heading-c1de484 alignleft bg-span\">Nove granice za va\u0161<span class=\"cc-span ccz8z3o\">Vje\u0161tine.<\/span> <\/h2>\n\n\n\n<p><strong>Kvalificirana \u0161kolska podr\u0161ka i individualna podr\u0161ka za pomo\u0107 u svakodnevnom \u017eivotu u \u0161koli i vrti\u0107u.<\/strong><\/p>\n\n\n\n<div class=\"div-c43e090\">\n<a class=\"button-c838e64x button-c3908ec btn-1 cc-btn\" href=\"\/hr\/upit\/\">Zatra\u017eite \u0161kolsku podr\u0161ku<\/a>\n\n\n\n<a class=\"button-c548228 button-c3908ec btn-1 cc-btn\" href=\"\/hr\/prijavite-se-sada\/\">Prijavite se sada<\/a>\n<\/div>\n<\/div>\n\n\n\n<div class=\"column-c65fa07 cc-clmn\">\n<div id=\"video-c7360c3\" class=\"video-cf20238 cc-vid\"><video id=\"video-c7360c3-videoe-local\" src=\"https:\/\/die-schulhelfer.de\/wp-content\/uploads\/2024\/10\/iStock-1067369804.mp4\" autoplay data-autoplay=\"\" data-muted=\"muted\" muted loop playsinline>\u017dao nam je, va\u0161 preglednik ne podr\u017eava ugra\u0111ene videozapise.<\/video><\/div>\n\n\n\n<div class=\"div-c27e6be\">\n<div class=\"div-cdaefd6\">\n<div class=\"div-c3c9ef2\"><\/div>\n\n\n\n<div class=\"div-ce9b620 div-c3c9ef2\"><\/div>\n<\/div>\n<\/div>\n<\/div>\n<\/div>\n<\/div>\n<\/section>\n\n\n\n<section class=\"section-cfe492f section-c09cc55 cc-sct\">\n<div class=\"container-c47ba97 cc-cntr\">\n<p class=\"paragraph-cad6aea\">O nama<\/p>\n\n\n\n<h2 class=\"heading-cdbda2a\">Na\u0161a predanost va\u0161em djetetu  <\/h2>\n\n\n\n<p class=\"paragraph-cd26b37\">Djeca i mladi s invaliditetom su jedinstvene osobe sa svojim potrebama, \u017eeljama, sposobnostima i planovima za budu\u0107nost. Va\u017eno je prepoznati njihove posebne zna\u010dajke i ponuditi im iste prilike i mogu\u0107nosti za uklju\u010divanje i obrazovanje kao i svima ostalima u na\u0161em dru\u0161tvu. Bez obzira na njihov dru\u0161tveni status, kulturnu ili vjersku pripadnost, zaslu\u017euju jednakopravan tretman i ciljanu podr\u0161ku kako bi ostvarili svoj puni potencijal. <\/p>\n\n\n\n<p>Posve\u0107eni smo ovome za vas.<\/p>\n\n\n\n<a class=\"button-c3908ec cc-btn\" href=\"https:\/\/die-schulhelfer.de\/hr\/leitbild\/\">Saznajte vi\u0161e<\/a>\n<\/div>\n<\/section>\n\n\n\n<section class=\"section-cb7e241 section-c09cc55 cc-sct\">\n<div class=\"container-c9c3fa3 cc-cntr\">\n<div class=\"columns-c297b6e\">\n<div class=\"column-cc21d2f cc-clmn\">\n<div class=\"div-c5081a8\">\n<div class=\"div-c3e1333\">\n<div class=\"div-c05b0b8\"><\/div>\n\n\n\n<div class=\"div-cf10036 div-c3c9ef2\"><\/div>\n<\/div>\n<\/div>\n\n\n\n<img loading=\"lazy\" decoding=\"async\" class=\"image-c4c7362 cc-img\" src=\"https:\/\/die-schulhelfer.de\/wp-content\/uploads\/2024\/10\/iStock-1413479085.jpg\" srcset=\"https:\/\/die-schulhelfer.de\/wp-content\/uploads\/2024\/10\/iStock-1413479085.jpg 509w, https:\/\/die-schulhelfer.de\/wp-content\/uploads\/2024\/10\/iStock-1413479085-300x200.jpg 300w\" sizes=\"auto, (max-width: 509px) 100vw, 509px\" width=\"509\" height=\"339\" alt=\"\"\/>\n<\/div>\n\n\n\n<div class=\"column-cf41ef4 cc-clmn\">\n<h3 class=\"heading-c327875\">\u0160to je <span class=\"cc-span cc20u2s\">\u0161kolska podr\u0161ka<\/span>?<\/h3>\n\n\n\n<p class=\"paragraph-c715046\">\u0160kolska podr\u0161ka je usluga podr\u0161ke za djecu s invaliditetom u \u0161kolskom okru\u017eenju. Radnici \u0161kolske podr\u0161ke, tako\u0111er poznati kao asistenti za integraciju, \u0161kolski asistenti ili individualni asistenti, prate ovu djecu u njihovom svakodnevnom \u0161kolskom \u017eivotu i pru\u017eaju im individualnu podr\u0161ku prilago\u0111enu njihovim potrebama. U nekim slu\u010dajevima radnici \u0161kolske podr\u0161ke su osposobljeni stru\u010dnjaci koji rade s jednim u\u010denikom jedan na jedan.<\/p>\n\n\n\n<div class=\"cc-cntr\">\n<div id=\"accordion-c547b4a\" class=\"cc-accordion-hidden cc-acd\" data-cc-accordion=\"true\">\n<button id=\"accordionheader-c30b884\" data-cc-accordion-header=\"true\" aria-expanded=\"false\">\n<div class=\"button-c3908ec cc-btn\">Saznajte vi\u0161e<\/div>\n<\/button>\n\n\n\n<div class=\"cc-acdc\" data-cc-accordion-content=\"true\">\n<p>Na\u0161e \u0161kolske usluge podr\u0161ke uklju\u010duju, izme\u0111u ostalog:<br><br>\u2022 Interakcija s kolegama iz razreda i \u0161kolom<br>\u2022 Prate\u0107i tijekom pauza<br>\u2022 Izbjegavanje nesporazuma i posredovanje u sukobima<br>\u2022 Omogu\u0107avanje sudjelovanja u \u0161kolskim aktivnostima<br>\u2022 Raskid rezervacija<br>\u2022 Pomo\u0107 pri kretanju (npr. pra\u0107enje stanara do toaleta, pranje ruku, ru\u010dak)<br>\u2022 Koordinacija s nastavnicima<br>\u2022 Osiguravanje pomagala za strukturiranje i orijentaciju<br>\u2022 Pomo\u0107 pri kori\u0161tenju pomagala<br>\u2022 Dopustite slobodno kada je to prikladno<br><br><strong>Na\u0161 je cilj ponuditi va\u0161em djetetu najbolju mogu\u0107u podr\u0161ku i uzeti u obzir njegove individualne potrebe u \u0161kolskom okru\u017eenju.<\/strong><\/p>\n<\/div>\n<\/div>\n<\/div>\n<\/div>\n<\/div>\n<\/div>\n<\/section>\n\n\n\n<section class=\"section-c920988 section-c09cc55 cc-sct\">\n<div class=\"container-c1ab365 cc-cntr\">\n<div class=\"columns-c1b2f64 columns-c297b6e\">\n<div class=\"column-c6effb6 column-cf41ef4 cc-clmn\">\n<h3 class=\"heading-c6918d2 heading-c327875\">\u0160to je <span class=\"cc-span cc20u2s\">individualna podr\u0161ka<\/span>? <\/h3>\n\n\n\n<p class=\"paragraph-c715046\">Individualna podr\u0161ka ili podr\u0161ka u dnevnom boravku odnosi se na dodatnu podr\u0161ku koju dobivaju djeca s invaliditetom u ustanovama dnevnog boravka, kao \u0161to su jaslice, vrti\u0107i, centri za izvan\u0161kolsku skrb, pred\u0161kolske ustanove (SVE) i centri za dnevni boravak djece s posebnim potrebama (HPT). Podr\u017eavaju\u0107e osoblje, u ovom kontekstu nazvano radnicima za individualnu podr\u0161ku, poma\u017ee toj djeci da sudjeluju u aktivnostima i svakodnevnom \u017eivotu ustanove.<\/p>\n\n\n\n<div class=\"cc-cntr\">\n<div id=\"accordion-c46f7d4\" class=\"cc-accordion-hidden cc-acd\" data-cc-accordion=\"true\">\n<button id=\"accordionheader-ca4dfdc\" data-cc-accordion-header=\"true\" aria-expanded=\"false\">\n<div class=\"button-c3908ec cc-btn\">Saznajte vi\u0161e<\/div>\n<\/button>\n\n\n\n<div class=\"cc-acdc\" data-cc-accordion-content=\"true\">\n<p class=\"paragraph-c27da5e\">Poma\u017eu djeci u obavljanju prakti\u010dnih zadataka poput jedenja, presvla\u010denja i kori\u0161tenja toaleta. Tako\u0111er poma\u017eu djetetu da se snalazi u zgradi. To\u010dne kvalifikacije pratitelja odre\u0111uju se prema individualnim potrebama djeteta.<br><br>Na\u0161e usluge individualne podr\u0161ke\/podr\u0161ke dnevnog boravka uklju\u010duju, izme\u0111u ostalog:<br><br>\u2022 Usmjeravanje i poticanje prema neovisnosti<br>\u2022 Pomo\u0107 pri svakodnevnim aktivnostima kao \u0161to su hranjenje, presvla\u010denje i kori\u0161tenje toaleta<br>\u2022 Pomo\u0107 pri kori\u0161tenju pomagala kao \u0161to su hodalice, invalidska kolica ili \u0161takore<br>\u2022 Pomo\u0107 pri snala\u017eenju u zgradi<br>\u2022 Pomo\u0107 u kriznim situacijama<br>\u2022 Promocija i olak\u0161avanje dru\u0161tvenih kontakata<br>\u2022 Nadzor tijekom slobodnih aktivnosti kao \u0161to su boravak u vrti\u0107u, pauze, izleti i \u0161kolska putovanja<br>\u2022 Podr\u0161ka pri implementaciji sadr\u017eaja za igru i u\u010denje<br><br><strong>Na\u0161 je cilj ponuditi va\u0161em djetetu najbolju mogu\u0107u podr\u0161ku i uzeti u obzir njegove individualne potrebe u vrti\u0107u.<\/strong><\/p>\n<\/div>\n<\/div>\n<\/div>\n<\/div>\n\n\n\n<div class=\"column-cc21d2f cc-clmn\">\n<img loading=\"lazy\" decoding=\"async\" class=\"image-ca673cf cc-img\" src=\"https:\/\/die-schulhelfer.de\/wp-content\/uploads\/2024\/10\/iStock-875610094.jpg\" srcset=\"https:\/\/die-schulhelfer.de\/wp-content\/uploads\/2024\/10\/iStock-875610094.jpg 508w, https:\/\/die-schulhelfer.de\/wp-content\/uploads\/2024\/10\/iStock-875610094-300x200.jpg 300w\" sizes=\"auto, (max-width: 508px) 100vw, 508px\" width=\"508\" height=\"339\" alt=\"\"\/>\n\n\n\n<div class=\"div-c8ff20c\">\n<div class=\"div-c1ae0fd\">\n<div class=\"div-c84ee59\"><\/div>\n\n\n\n<div class=\"div-ccf965d div-c3c9ef2\"><\/div>\n<\/div>\n<\/div>\n<\/div>\n<\/div>\n<\/div>\n<\/section>\n\n\n\n<section class=\"section-c09cc55 section-cfe492f cc-sct\">\n<div class=\"container-ca2c808 cc-cntr\">\n<div class=\"div-c540938\">\n<h2 class=\"heading-c9c5555\">Kontaktirajte nas! <\/h2>\n\n\n\n<p class=\"paragraph-c443fb0\">Radujemo se va\u0161em odgovoru.<\/p>\n\n\n\n<div class=\"container-c07a7e8 cc-cntr\">\n<a class=\"button-c8c4c81 cc-btn\" href=\"https:\/\/die-schulhelfer.de\/hr\/prijavite-se-sada\/\">Prijavite se sada<\/a>\n\n\n\n<a class=\"button-cca601c button-c3908ec btn-1 cc-btn\" href=\"\/hr\/upit\/\">Zatra\u017eite \u0161kolsku podr\u0161ku<\/a>\n\n\n\n<a class=\"button-c91ef43 button-c3908ec btn-1 cc-btn\" href=\"https:\/\/die-schulhelfer.de\/hr\/kontakt-only\/\">Kontakt<\/a>\n<\/div>\n<\/div>\n<\/div>\n<\/section>","protected":false},"excerpt":{"rendered":"","protected":false},"author":1,"featured_media":0,"parent":0,"menu_order":0,"comment_status":"closed","ping_status":"closed","template":"","meta":{"_acf_changed":false,"footnotes":""},"class_list":["post-631","page","type-page","status-publish","hentry"],"acf":[],"_links":{"self":[{"href":"https:\/\/die-schulhelfer.de\/hr\/wp-json\/wp\/v2\/pages\/631","targetHints":{"allow":["GET"]}}],"collection":[{"href":"https:\/\/die-schulhelfer.de\/hr\/wp-json\/wp\/v2\/pages"}],"about":[{"href":"https:\/\/die-schulhelfer.de\/hr\/wp-json\/wp\/v2\/types\/page"}],"author":[{"embeddable":true,"href":"https:\/\/die-schulhelfer.de\/hr\/wp-json\/wp\/v2\/users\/1"}],"replies":[{"embeddable":true,"href":"https:\/\/die-schulhelfer.de\/hr\/wp-json\/wp\/v2\/comments?post=631"}],"version-history":[{"count":54,"href":"https:\/\/die-schulhelfer.de\/hr\/wp-json\/wp\/v2\/pages\/631\/revisions"}],"predecessor-version":[{"id":1045,"href":"https:\/\/die-schulhelfer.de\/hr\/wp-json\/wp\/v2\/pages\/631\/revisions\/1045"}],"wp:attachment":[{"href":"https:\/\/die-schulhelfer.de\/hr\/wp-json\/wp\/v2\/media?parent=631"}],"curies":[{"name":"wp","href":"https:\/\/api.w.org\/{rel}","templated":true}]}}